{"id":3382,"date":"2021-10-26T10:27:44","date_gmt":"2021-10-26T08:27:44","guid":{"rendered":"https:\/\/cpasixelles.brussels\/etudiants\/"},"modified":"2024-12-09T15:34:05","modified_gmt":"2024-12-09T14:34:05","slug":"studenten","status":"publish","type":"page","link":"https:\/\/cpasixelles.brussels\/nl\/studenten\/","title":{"rendered":"Studenten"},"content":{"rendered":"<p>[et_pb_section fb_built=&#8221;1&#8243; module_class=&#8221;header-main cpas&#8221; _builder_version=&#8221;4.16&#8243; _module_preset=&#8221;default&#8221; background_enable_color=&#8221;off&#8221; background_image=&#8221;https:\/\/cpasixelles.brussels\/wp-content\/uploads\/2022\/01\/Webp.net-resizeimage-scaled.jpg&#8221; custom_padding=&#8221;25px||25px||true|false&#8221; global_colors_info=&#8221;{%22gcid-781de1e1-b50f-440d-bfd1-1b3c77a54036%22:%91%22background_color%22%93}&#8221;][et_pb_row _builder_version=&#8221;4.16&#8243; _module_preset=&#8221;default&#8221; module_alignment=&#8221;center&#8221; custom_padding=&#8221;25px||25px||true|false&#8221; global_colors_info=&#8221;{}&#8221;][et_pb_column type=&#8221;4_4&#8243; _builder_version=&#8221;4.16&#8243; _module_preset=&#8221;default&#8221; global_colors_info=&#8221;{}&#8221;][et_pb_text _builder_version=&#8221;4.16&#8243; _module_preset=&#8221;default&#8221; background_enable_color=&#8221;off&#8221; animation_style=&#8221;slide&#8221; animation_direction=&#8221;left&#8221; animation_intensity_slide=&#8221;5%&#8221; global_colors_info=&#8221;{}&#8221;]<\/p>\n<h1><span>Studenten<\/span><br \/>Specifieke steun<\/h1>\n<p>[\/et_pb_text][\/et_pb_column][\/et_pb_row][\/et_pb_section][et_pb_section fb_built=&#8221;1&#8243; _builder_version=&#8221;4.16&#8243; _module_preset=&#8221;default&#8221; global_colors_info=&#8221;{}&#8221;][et_pb_row module_class=&#8221;liste&#8221; _builder_version=&#8221;4.16&#8243; _module_preset=&#8221;default&#8221; global_colors_info=&#8221;{}&#8221;][et_pb_column type=&#8221;4_4&#8243; _builder_version=&#8221;4.16&#8243; _module_preset=&#8221;default&#8221; global_colors_info=&#8221;{}&#8221;][et_pb_text _builder_version=&#8221;4.16&#8243; _module_preset=&#8221;default&#8221; header_2_font=&#8221;|700||on|||||&#8221; header_2_text_color=&#8221;gcid-c9076ba5-e678-421f-b0e8-38e005b9bf57&#8243; custom_margin=&#8221;||25px||false|false&#8221; global_colors_info=&#8221;{%22gcid-c9076ba5-e678-421f-b0e8-38e005b9bf57%22:%91%22header_2_text_color%22%93}&#8221;]<\/p>\n<h2>Een dienst voor studenten<\/h2>\n<p>De cel Opleidingen zet mensen op weg om zelfstandiger te worden via een studieproject, opleidingen of het leren van een taal.<\/p>\n<p>De opleidingsreferentiepersonen geven informatie, verwijzen studenten door, evalueren hun traject en bieden ondersteuning aan:<\/p>\n<ul>\n<li>Studenten vanaf 18 jaar<\/li>\n<li>Mensen die Franse les (alpha of FLE) of Nederlandse les willen volgen<\/li>\n<li>Mensen die beroepsopleidingen willen volgen<\/li>\n<li>Mensen die zich willen (her-)ori\u00ebnteren<\/li>\n<\/ul>\n<p>[\/et_pb_text][et_pb_text module_class=&#8221;liste&#8221; _builder_version=&#8221;4.27.0&#8243; _module_preset=&#8221;default&#8221; header_2_font=&#8221;|700||on|||||&#8221; header_2_text_color=&#8221;gcid-c9076ba5-e678-421f-b0e8-38e005b9bf57&#8243; custom_margin=&#8221;||25px||false|false&#8221; hover_enabled=&#8221;0&#8243; global_colors_info=&#8221;{%22gcid-c9076ba5-e678-421f-b0e8-38e005b9bf57%22:%91%22header_2_text_color%22%93}&#8221; sticky_enabled=&#8221;0&#8243;]<\/p>\n<h2>Wie kan begeleiding krijgen?<\/h2>\n<p>Studenten die financi\u00eble steun krijgen van het OCMW.<\/p>\n<p>Volgende studenten komen in aanmerking voor begeleiding:<\/p>\n<ul>\n<li>In het middelbaar: algemeen secundair onderwijs, technisch onderwijs, beroepsonderwijs of alternerend onderwijs<\/li>\n<li>In het hoger onderwijs: aan de universiteit, de hogeschool of in een opleiding sociale promotie<\/li>\n<\/ul>\n<p>[\/et_pb_text][et_pb_text _builder_version=&#8221;4.16&#8243; _module_preset=&#8221;default&#8221; text_text_color=&#8221;#FFFFFF&#8221; header_2_font=&#8221;|700|||||||&#8221; header_2_text_color=&#8221;#FFFFFF&#8221; header_3_text_align=&#8221;left&#8221; header_3_text_color=&#8221;#FFFFFF&#8221; background_color=&#8221;gcid-c9076ba5-e678-421f-b0e8-38e005b9bf57&#8243; max_width=&#8221;800px&#8221; max_width_tablet=&#8221;500px&#8221; max_width_phone=&#8221;500px&#8221; max_width_last_edited=&#8221;on|phone&#8221; module_alignment=&#8221;center&#8221; custom_margin=&#8221;||35px||false|false&#8221; custom_padding=&#8221;40px|40px|40px|40px|true|true&#8221; animation_style=&#8221;fade&#8221; border_radii=&#8221;off|50px|50px||50px&#8221; border_width_all=&#8221;3px&#8221; border_color_all=&#8221;gcid-c9076ba5-e678-421f-b0e8-38e005b9bf57&#8243; global_colors_info=&#8221;{%22gcid-c9076ba5-e678-421f-b0e8-38e005b9bf57%22:%91%22background_color%22,%22border_color_all%22%93}&#8221;]<\/p>\n<h3>Welke soorten steun worden aangeboden?<\/h3>\n<ul>\n<li>Analyse van studieprojecten<\/li>\n<li>Materi\u00eble ondersteuning naargelang de situatie<\/li>\n<li>Methodologische ondersteuning<\/li>\n<li>Ondersteuning bij eindwerk of thesis<\/li>\n<\/ul>\n<p>[\/et_pb_text][et_pb_text _builder_version=&#8221;4.27.0&#8243; _module_preset=&#8221;default&#8221; hover_enabled=&#8221;0&#8243; sticky_enabled=&#8221;0&#8243; header_2_font=&#8221;|700|||||||&#8221; header_2_text_color=&#8221;#f59600&#8243;]<\/p>\n<h2>MEER WETEN ?<\/h2>\n<ul>\n<li><a href=\"https:\/\/www.mi-is.be\/sites\/default\/files\/documents\/wegwijs_voor_studenten_05-24.pdf\">Gids voor studenten\u00a0<\/a><\/li>\n<li><a href=\"https:\/\/www.mi-is.be\/sites\/default\/files\/documents\/jongeren_en_studenten_met_een_leefloon_-_het_gpmi-student.pdf\">Jongeren en studenten met een leefloon: het GPMI voor studenten<\/a><\/li>\n<\/ul>\n<p>[\/et_pb_text][et_pb_text _builder_version=&#8221;4.16&#8243; _module_preset=&#8221;default&#8221; header_2_font=&#8221;|800||on|||||&#8221; header_2_text_color=&#8221;gcid-c9076ba5-e678-421f-b0e8-38e005b9bf57&#8243; global_colors_info=&#8221;{%22gcid-c9076ba5-e678-421f-b0e8-38e005b9bf57%22:%91%22header_2_text_color%22%93}&#8221;]<\/p>\n<h2>Veelgestelde vragen<\/h2>\n<p>[\/et_pb_text][et_pb_accordion _builder_version=&#8221;4.16&#8243; _module_preset=&#8221;default&#8221; custom_margin=&#8221;||50px||false|false&#8221; saved_tabs=&#8221;all&#8221; global_colors_info=&#8221;{}&#8221;][et_pb_accordion_item title=&#8221;NE PAS SUPPRIMER&#8221; open=&#8221;on&#8221; _builder_version=&#8221;4.16&#8243; _module_preset=&#8221;default&#8221; custom_css_main_element=&#8221;display:none;&#8221; global_colors_info=&#8221;{}&#8221;][\/et_pb_accordion_item][et_pb_accordion_item title=&#8221;Wie is student volgens de OCMW-wetgeving?&#8221; _builder_version=&#8221;4.16&#8243; _module_preset=&#8221;default&#8221; global_colors_info=&#8221;{}&#8221; open=&#8221;off&#8221;]<\/p>\n<p>Volgens de OCMW-wetgeving is een student iemand die studies aanvat of herneemt, met volledig leerplan of gelijkwaardig.<\/p>\n<p>Studies met volledig leerplan worden geregeld door de Franse Gemeenschap. Daarin zijn het secundair onderwijs vervat en het hoger universitair en niet-universitair onderwijs. Volgende studies zijn gelijkgesteld met studies met volledig leerplan:<\/p>\n<p>\u2022 Alternerend secundair onderwijs (CEFA) voor de Franse Gemeenschap<br \/>\u2022 Leerovereenkomst van de middenstand<br \/>\u2022 Dagopleidingen georganiseerd door het onderwijs voor sociale promotie, die leiden tot een getuigschrift.<\/p>\n<p>Met volgende opleidingen kan je dus niet erkend worden als student volgens de OCMW-wetgeving: opleidingen met alternatief uurrooster, opleidingen sociale promotie, opleidingen gevolgd als vrije student, afstandsonderwijs, kwalificerende opleidingen, &#8230; .<\/p>\n<p>[\/et_pb_accordion_item][et_pb_accordion_item title=&#8221;Een eerste steunaanvraag doen: bij welk OCMW?&#8221; _builder_version=&#8221;4.16&#8243; _module_preset=&#8221;default&#8221; global_colors_info=&#8221;{}&#8221; open=&#8221;off&#8221;]<\/p>\n<ul>\n<li>Je bent jonger dan 18 jaar: doe een steunaanvraag bij het OCMW van je gewone verblijfplaats.<\/li>\n<li>Je bent tussen 18 en 25 jaar oud: doe een aanvraag bij het OCMW van de gemeente waar je je hoofdverblijfplaats hebt en die ingeschreven is in het bevolkingsregister of vreemdelingenregister. Het OCMW blijft bevoegd voor de volledige studieduur, zonder onderbreking. Als je geschrapt bent, op het wachtregister staat of een referentieadres hebt, moet je naar het OCMW van je gewone verblijfplaats gaan.<\/li>\n<li>Je bent 25 jaar of ouder: het OCMW van je gewone verblijfplaats is bevoegd om je steunaanvraag te onderzoeken.<\/li>\n<li>Het OCMW dient een ontvangstbewijs in van je aanvraag. Met dat document kan je bewijzen dat je een aanvraag ingediend hebt, op welke datum en bij welk OCMW.<\/li>\n<\/ul>\n<p>[\/et_pb_accordion_item][et_pb_accordion_item title=&#8221;Aan welke voorwaarden moet je voldoen om het leefloon te ontvangen? &#8221; _builder_version=&#8221;4.16&#8243; _module_preset=&#8221;default&#8221; global_colors_info=&#8221;{}&#8221; open=&#8221;off&#8221;]<\/p>\n<p>Het leefloon is een financi\u00eble prestatie die je kan genieten als je aan de wettelijke voorwaarden voldoet.<\/p>\n<p>Voorwaarde 1: nationaliteit<\/p>\n<p>Je bent ofwel:<\/p>\n<ul>\n<li>Belg<\/li>\n<li>staatloze<\/li>\n<li>erkende vluchteling<\/li>\n<li>burger van de Europese Unie (EU) of familielid van die persoon, die je begeleidt of vervoegt en meer dan drie maanden verblijfsrecht heeft en al drie maanden op het grondgebied verbleven heeft<\/li>\n<li>vreemdeling ingeschreven in het bevolkingsregister<\/li>\n<\/ul>\n<p>Voorwaarde 2: leeftijd<\/p>\n<p>Je bent:<\/p>\n<ul>\n<li>ouder dan 18 jaar<\/li>\n<li>jonger dan 18 en ontvoogd door het huwelijk, zwanger of je hebt kinderen ten laste.<\/li>\n<\/ul>\n<p>Voorwaarde 3: effectieve verblijfplaats<\/p>\n<p>Je verblijft wettelijk, gewoon en permanent in Belgi\u00eb. Het OCMW kan niet van je eisen dat je een huurcontract of een woning hebt, of dat je ingeschreven bent in het bevolkingsregister.<\/p>\n<p>Voorwaarde 4: inkomen<\/p>\n<p>Je bent in nood en hebt geen inkomen, of je inkomen ligt lager dan het leefloon. In het laatste geval biedt het OCMW je slechts het verschil tussen de twee. Het OCMW stelt de armoedestaat vast via een sociaal onderzoek.<\/p>\n<p>Voorwaarde 5: arbeidsgeschiktheid<\/p>\n<p>Die voorwaarde is altijd geldig, behalve wanneer je gezondheidstoestand of specifieke situatie (gelijkheidsredenen) je verhinderen om te werken.<\/p>\n<p>[\/et_pb_accordion_item][\/et_pb_accordion][et_pb_text _builder_version=&#8221;4.16&#8243; _module_preset=&#8221;default&#8221; link_font=&#8221;||||on||||&#8221; link_text_color=&#8221;gcid-c9076ba5-e678-421f-b0e8-38e005b9bf57&#8243; link_font_size=&#8221;16px&#8221; global_colors_info=&#8221;{%22gcid-c9076ba5-e678-421f-b0e8-38e005b9bf57%22:%91%22link_text_color%22%93}&#8221;]<a href=\"https:\/\/cpasixelles.brussels\/questions-frequentes\/\">Alle veelgestelde vragen<\/a>[\/et_pb_text][\/et_pb_column][\/et_pb_row][\/et_pb_section][et_pb_section fb_built=&#8221;1&#8243; _builder_version=&#8221;4.16&#8243; _module_preset=&#8221;default&#8221; background_color=&#8221;#f2f2f2&#8243; global_colors_info=&#8221;{}&#8221;][et_pb_row _builder_version=&#8221;4.16&#8243; _module_preset=&#8221;default&#8221; global_colors_info=&#8221;{}&#8221;][et_pb_column type=&#8221;4_4&#8243; _builder_version=&#8221;4.16&#8243; _module_preset=&#8221;default&#8221; global_colors_info=&#8221;{}&#8221;][et_pb_text _builder_version=&#8221;4.17.4&#8243; _module_preset=&#8221;default&#8221; header_2_font=&#8221;|800||on|||||&#8221; header_2_text_color=&#8221;gcid-c9076ba5-e678-421f-b0e8-38e005b9bf57&#8243; global_colors_info=&#8221;{%22gcid-c9076ba5-e678-421f-b0e8-38e005b9bf57%22:%91%22header_2_text_color%22%93}&#8221;]<\/p>\n<h2>Nieuws<\/h2>\n<p>[\/et_pb_text][et_pb_blog fullwidth=&#8221;off&#8221; posts_number=&#8221;3&#8243; include_categories=&#8221;14&#8243; meta_date=&#8221;j.m.y&#8221; show_more=&#8221;on&#8221; show_author=&#8221;off&#8221; show_pagination=&#8221;off&#8221; module_class=&#8221;blog-custom&#8221; _builder_version=&#8221;4.17.4&#8243; _module_preset=&#8221;default&#8221; meta_text_color=&#8221;gcid-c9076ba5-e678-421f-b0e8-38e005b9bf57&#8243; read_more_font=&#8221;|||on|on||||&#8221; read_more_text_color=&#8221;gcid-c7ca1388-3c6d-4b53-bb4f-9acb4c020d74&#8243; custom_padding=&#8221;10px||10px||true|true&#8221; global_colors_info=&#8221;{%22gcid-c9076ba5-e678-421f-b0e8-38e005b9bf57%22:%91%22meta_text_color%22%93,%22gcid-c7ca1388-3c6d-4b53-bb4f-9acb4c020d74%22:%91%22read_more_text_color%22%93}&#8221;][\/et_pb_blog][et_pb_text _builder_version=&#8221;4.17.4&#8243; _module_preset=&#8221;default&#8221; link_font=&#8221;||||on||||&#8221; link_text_color=&#8221;gcid-c9076ba5-e678-421f-b0e8-38e005b9bf57&#8243; link_font_size=&#8221;16px&#8221; global_colors_info=&#8221;{%22gcid-c9076ba5-e678-421f-b0e8-38e005b9bf57%22:%91%22link_text_color%22%93}&#8221;]<a href=\"https:\/\/cpasixelles.brussels\/nl\/nieuws\/\">Alle nieuws<\/a>[\/et_pb_text][\/et_pb_column][\/et_pb_row][\/et_pb_section]<\/p>\n","protected":false},"excerpt":{"rendered":"<p>StudentenSpecifieke steunEen dienst voor studenten De cel Opleidingen zet mensen op weg om zelfstandiger te worden via een studieproject, opleidingen of het leren van een taal. De opleidingsreferentiepersonen geven informatie, verwijzen studenten door, evalueren hun traject en bieden ondersteuning aan: Studenten vanaf 18 jaar Mensen die Franse les (alpha of FLE) of Nederlandse les willen [&hellip;]<\/p>\n","protected":false},"author":1,"featured_media":2111,"parent":0,"menu_order":0,"comment_status":"closed","ping_status":"closed","template":"","meta":{"_et_pb_use_builder":"on","_et_pb_old_content":"","_et_gb_content_width":"","footnotes":""},"class_list":["post-3382","page","type-page","status-publish","has-post-thumbnail","hentry"],"yoast_head":"<!-- This site is optimized with the Yoast SEO plugin v27.5 - https:\/\/yoast.com\/product\/yoast-seo-wordpress\/ -->\n<title>Studenten - CPAS d&#039;Ixelles<\/title>\n<meta name=\"description\" content=\"Le CPAS d\u2019Ixelles a cr\u00e9\u00e9 une cellule sp\u00e9cifique pour accompagner les nombreux \u00e9tudiant.e.s qui vivent dans la commune d&#039;Ixelles. Son objectif ? Les aider \u00e0 r\u00e9aliser leurs \u00e9tudes dans les meilleures conditions.\" \/>\n<meta name=\"robots\" content=\"index, follow, max-snippet:-1, max-image-preview:large, max-video-preview:-1\" \/>\n<link rel=\"canonical\" href=\"https:\/\/cpasixelles.brussels\/etudiants\/\" \/>\n<meta property=\"og:locale\" content=\"nl_NL\" \/>\n<meta property=\"og:type\" content=\"article\" \/>\n<meta property=\"og:title\" content=\"Studenten - CPAS d&#039;Ixelles\" \/>\n<meta property=\"og:description\" content=\"Le CPAS d\u2019Ixelles a cr\u00e9\u00e9 une cellule sp\u00e9cifique pour accompagner les nombreux \u00e9tudiant.e.s qui vivent dans la commune d&#039;Ixelles. Son objectif ? Les aider \u00e0 r\u00e9aliser leurs \u00e9tudes dans les meilleures conditions.\" \/>\n<meta property=\"og:url\" content=\"https:\/\/cpasixelles.brussels\/etudiants\/\" \/>\n<meta property=\"og:site_name\" content=\"CPAS d&#039;Ixelles\" \/>\n<meta property=\"article:modified_time\" content=\"2024-12-09T14:34:05+00:00\" \/>\n<meta property=\"og:image\" content=\"https:\/\/cpasixelles.brussels\/wp-content\/uploads\/2022\/02\/student-001.jpg\" \/>\n\t<meta property=\"og:image:width\" content=\"794\" \/>\n\t<meta property=\"og:image:height\" content=\"872\" \/>\n\t<meta property=\"og:image:type\" content=\"image\/jpeg\" \/>\n<meta name=\"twitter:card\" content=\"summary_large_image\" \/>\n<meta name=\"twitter:label1\" content=\"Geschatte leestijd\" \/>\n\t<meta name=\"twitter:data1\" content=\"7 minuten\" \/>\n<script type=\"application\/ld+json\" class=\"yoast-schema-graph\">{\"@context\":\"https:\\\/\\\/schema.org\",\"@graph\":[{\"@type\":\"WebPage\",\"@id\":\"https:\\\/\\\/cpasixelles.brussels\\\/etudiants\\\/\",\"url\":\"https:\\\/\\\/cpasixelles.brussels\\\/etudiants\\\/\",\"name\":\"Studenten - CPAS d&#039;Ixelles\",\"isPartOf\":{\"@id\":\"https:\\\/\\\/cpasixelles.brussels\\\/#website\"},\"primaryImageOfPage\":{\"@id\":\"https:\\\/\\\/cpasixelles.brussels\\\/etudiants\\\/#primaryimage\"},\"image\":{\"@id\":\"https:\\\/\\\/cpasixelles.brussels\\\/etudiants\\\/#primaryimage\"},\"thumbnailUrl\":\"https:\\\/\\\/cpasixelles.brussels\\\/wp-content\\\/uploads\\\/2022\\\/02\\\/student-001.jpg\",\"datePublished\":\"2021-10-26T08:27:44+00:00\",\"dateModified\":\"2024-12-09T14:34:05+00:00\",\"description\":\"Le CPAS d\u2019Ixelles a cr\u00e9\u00e9 une cellule sp\u00e9cifique pour accompagner les nombreux \u00e9tudiant.e.s qui vivent dans la commune d'Ixelles. Son objectif ? Les aider \u00e0 r\u00e9aliser leurs \u00e9tudes dans les meilleures conditions.\",\"breadcrumb\":{\"@id\":\"https:\\\/\\\/cpasixelles.brussels\\\/etudiants\\\/#breadcrumb\"},\"inLanguage\":\"nl-NL\",\"potentialAction\":[{\"@type\":\"ReadAction\",\"target\":[\"https:\\\/\\\/cpasixelles.brussels\\\/etudiants\\\/\"]}]},{\"@type\":\"ImageObject\",\"inLanguage\":\"nl-NL\",\"@id\":\"https:\\\/\\\/cpasixelles.brussels\\\/etudiants\\\/#primaryimage\",\"url\":\"https:\\\/\\\/cpasixelles.brussels\\\/wp-content\\\/uploads\\\/2022\\\/02\\\/student-001.jpg\",\"contentUrl\":\"https:\\\/\\\/cpasixelles.brussels\\\/wp-content\\\/uploads\\\/2022\\\/02\\\/student-001.jpg\",\"width\":794,\"height\":872},{\"@type\":\"BreadcrumbList\",\"@id\":\"https:\\\/\\\/cpasixelles.brussels\\\/etudiants\\\/#breadcrumb\",\"itemListElement\":[{\"@type\":\"ListItem\",\"position\":1,\"name\":\"Accueil\",\"item\":\"https:\\\/\\\/cpasixelles.brussels\\\/nl\\\/\"},{\"@type\":\"ListItem\",\"position\":2,\"name\":\"Studenten\"}]},{\"@type\":\"WebSite\",\"@id\":\"https:\\\/\\\/cpasixelles.brussels\\\/#website\",\"url\":\"https:\\\/\\\/cpasixelles.brussels\\\/\",\"name\":\"CPAS d&#039;Ixelles\",\"description\":\"\",\"potentialAction\":[{\"@type\":\"SearchAction\",\"target\":{\"@type\":\"EntryPoint\",\"urlTemplate\":\"https:\\\/\\\/cpasixelles.brussels\\\/?s={search_term_string}\"},\"query-input\":{\"@type\":\"PropertyValueSpecification\",\"valueRequired\":true,\"valueName\":\"search_term_string\"}}],\"inLanguage\":\"nl-NL\"}]}<\/script>\n<!-- \/ Yoast SEO plugin. -->","yoast_head_json":{"title":"Studenten - CPAS d&#039;Ixelles","description":"Le CPAS d\u2019Ixelles a cr\u00e9\u00e9 une cellule sp\u00e9cifique pour accompagner les nombreux \u00e9tudiant.e.s qui vivent dans la commune d'Ixelles. Son objectif ? Les aider \u00e0 r\u00e9aliser leurs \u00e9tudes dans les meilleures conditions.","robots":{"index":"index","follow":"follow","max-snippet":"max-snippet:-1","max-image-preview":"max-image-preview:large","max-video-preview":"max-video-preview:-1"},"canonical":"https:\/\/cpasixelles.brussels\/etudiants\/","og_locale":"nl_NL","og_type":"article","og_title":"Studenten - CPAS d&#039;Ixelles","og_description":"Le CPAS d\u2019Ixelles a cr\u00e9\u00e9 une cellule sp\u00e9cifique pour accompagner les nombreux \u00e9tudiant.e.s qui vivent dans la commune d'Ixelles. Son objectif ? Les aider \u00e0 r\u00e9aliser leurs \u00e9tudes dans les meilleures conditions.","og_url":"https:\/\/cpasixelles.brussels\/etudiants\/","og_site_name":"CPAS d&#039;Ixelles","article_modified_time":"2024-12-09T14:34:05+00:00","og_image":[{"width":794,"height":872,"url":"https:\/\/cpasixelles.brussels\/wp-content\/uploads\/2022\/02\/student-001.jpg","type":"image\/jpeg"}],"twitter_card":"summary_large_image","twitter_misc":{"Geschatte leestijd":"7 minuten"},"schema":{"@context":"https:\/\/schema.org","@graph":[{"@type":"WebPage","@id":"https:\/\/cpasixelles.brussels\/etudiants\/","url":"https:\/\/cpasixelles.brussels\/etudiants\/","name":"Studenten - CPAS d&#039;Ixelles","isPartOf":{"@id":"https:\/\/cpasixelles.brussels\/#website"},"primaryImageOfPage":{"@id":"https:\/\/cpasixelles.brussels\/etudiants\/#primaryimage"},"image":{"@id":"https:\/\/cpasixelles.brussels\/etudiants\/#primaryimage"},"thumbnailUrl":"https:\/\/cpasixelles.brussels\/wp-content\/uploads\/2022\/02\/student-001.jpg","datePublished":"2021-10-26T08:27:44+00:00","dateModified":"2024-12-09T14:34:05+00:00","description":"Le CPAS d\u2019Ixelles a cr\u00e9\u00e9 une cellule sp\u00e9cifique pour accompagner les nombreux \u00e9tudiant.e.s qui vivent dans la commune d'Ixelles. Son objectif ? Les aider \u00e0 r\u00e9aliser leurs \u00e9tudes dans les meilleures conditions.","breadcrumb":{"@id":"https:\/\/cpasixelles.brussels\/etudiants\/#breadcrumb"},"inLanguage":"nl-NL","potentialAction":[{"@type":"ReadAction","target":["https:\/\/cpasixelles.brussels\/etudiants\/"]}]},{"@type":"ImageObject","inLanguage":"nl-NL","@id":"https:\/\/cpasixelles.brussels\/etudiants\/#primaryimage","url":"https:\/\/cpasixelles.brussels\/wp-content\/uploads\/2022\/02\/student-001.jpg","contentUrl":"https:\/\/cpasixelles.brussels\/wp-content\/uploads\/2022\/02\/student-001.jpg","width":794,"height":872},{"@type":"BreadcrumbList","@id":"https:\/\/cpasixelles.brussels\/etudiants\/#breadcrumb","itemListElement":[{"@type":"ListItem","position":1,"name":"Accueil","item":"https:\/\/cpasixelles.brussels\/nl\/"},{"@type":"ListItem","position":2,"name":"Studenten"}]},{"@type":"WebSite","@id":"https:\/\/cpasixelles.brussels\/#website","url":"https:\/\/cpasixelles.brussels\/","name":"CPAS d&#039;Ixelles","description":"","potentialAction":[{"@type":"SearchAction","target":{"@type":"EntryPoint","urlTemplate":"https:\/\/cpasixelles.brussels\/?s={search_term_string}"},"query-input":{"@type":"PropertyValueSpecification","valueRequired":true,"valueName":"search_term_string"}}],"inLanguage":"nl-NL"}]}},"_links":{"self":[{"href":"https:\/\/cpasixelles.brussels\/nl\/wp-json\/wp\/v2\/pages\/3382","targetHints":{"allow":["GET"]}}],"collection":[{"href":"https:\/\/cpasixelles.brussels\/nl\/wp-json\/wp\/v2\/pages"}],"about":[{"href":"https:\/\/cpasixelles.brussels\/nl\/wp-json\/wp\/v2\/types\/page"}],"author":[{"embeddable":true,"href":"https:\/\/cpasixelles.brussels\/nl\/wp-json\/wp\/v2\/users\/1"}],"replies":[{"embeddable":true,"href":"https:\/\/cpasixelles.brussels\/nl\/wp-json\/wp\/v2\/comments?post=3382"}],"version-history":[{"count":10,"href":"https:\/\/cpasixelles.brussels\/nl\/wp-json\/wp\/v2\/pages\/3382\/revisions"}],"predecessor-version":[{"id":6811,"href":"https:\/\/cpasixelles.brussels\/nl\/wp-json\/wp\/v2\/pages\/3382\/revisions\/6811"}],"wp:featuredmedia":[{"embeddable":true,"href":"https:\/\/cpasixelles.brussels\/nl\/wp-json\/wp\/v2\/media\/2111"}],"wp:attachment":[{"href":"https:\/\/cpasixelles.brussels\/nl\/wp-json\/wp\/v2\/media?parent=3382"}],"curies":[{"name":"wp","href":"https:\/\/api.w.org\/{rel}","templated":true}]}}