{"id":3346,"date":"2021-12-27T18:19:05","date_gmt":"2021-12-27T17:19:05","guid":{"rendered":"https:\/\/cpasixelles.brussels\/soorten-hulp\/aide-alimentaire\/"},"modified":"2025-12-19T12:00:28","modified_gmt":"2025-12-19T11:00:28","slug":"voedselhulp","status":"publish","type":"page","link":"https:\/\/cpasixelles.brussels\/nl\/soorten-hulp\/voedselhulp\/","title":{"rendered":"Voedselhulp"},"content":{"rendered":"<p>[et_pb_section fb_built=&#8221;1&#8243; module_class=&#8221;header-intern aides&#8221; _builder_version=&#8221;4.16&#8243; _module_preset=&#8221;default&#8221; background_color=&#8221;gcid-7d3e670f-2994-4496-b95f-1f022124e031&#8243; custom_padding=&#8221;50px||50px||true|false&#8221; global_colors_info=&#8221;{%22gcid-7d3e670f-2994-4496-b95f-1f022124e031%22:%91%22background_color%22%93}&#8221;][et_pb_row column_structure=&#8221;1_4,3_4&#8243; module_class=&#8221;flex-zone&#8221; _builder_version=&#8221;4.16&#8243; _module_preset=&#8221;default&#8221; custom_padding=&#8221;0px||0px||true|false&#8221; global_colors_info=&#8221;{}&#8221;][et_pb_column type=&#8221;1_4&#8243; _builder_version=&#8221;4.16&#8243; _module_preset=&#8221;default&#8221; global_colors_info=&#8221;{}&#8221;][et_pb_image src=&#8221;https:\/\/cpasixelles.brussels\/wp-content\/uploads\/2022\/01\/CPAS_alimentaire_450_450.jpg&#8221; alt=&#8221;Aide \u00e0 domicile&#8221; title_text=&#8221;CPAS_alimentaire_450_450&#8243; _builder_version=&#8221;4.16&#8243; _module_preset=&#8221;default&#8221; animation_style=&#8221;slide&#8221; animation_direction=&#8221;left&#8221; animation_intensity_slide=&#8221;5%&#8221; global_colors_info=&#8221;{}&#8221;][\/et_pb_image][\/et_pb_column][et_pb_column type=&#8221;3_4&#8243; _builder_version=&#8221;4.16&#8243; _module_preset=&#8221;default&#8221; global_colors_info=&#8221;{}&#8221;][et_pb_text _builder_version=&#8221;4.16&#8243; _module_preset=&#8221;default&#8221; custom_padding=&#8221;||1px|||&#8221; animation_style=&#8221;slide&#8221; animation_direction=&#8221;right&#8221; animation_intensity_slide=&#8221;5%&#8221; global_colors_info=&#8221;{}&#8221;]<\/p>\n<h2>Voedselhulp<\/h2>\n<h1>Lukt het niet meer om eten te maken\u200a?<\/h1>\n<p>Woont u in Elsene? Ontdek hier de sociale kruidenier, de voedselpakketten en de activiteiten van de Feel Food-ruimte.<\/p>\n<p>[\/et_pb_text][\/et_pb_column][\/et_pb_row][\/et_pb_section][et_pb_section fb_built=&#8221;1&#8243; specialty=&#8221;on&#8221; padding_top_1=&#8221;25px&#8221; padding_bottom_1=&#8221;25px&#8221; padding_top_bottom_link_1=&#8221;true&#8221; padding_top_bottom_link_2=&#8221;true&#8221; padding_left_right_link_1=&#8221;false&#8221; padding_left_right_link_2=&#8221;false&#8221; module_class_2=&#8221;content&#8221; module_class=&#8221;page-left-widget aides&#8221; _builder_version=&#8221;4.16&#8243; _module_preset=&#8221;default&#8221; custom_padding=&#8221;50px||50px||true|false&#8221; global_colors_info=&#8221;{}&#8221;][et_pb_column type=&#8221;1_4&#8243; _builder_version=&#8221;4.16&#8243; custom_padding=&#8221;|||&#8221; global_colors_info=&#8221;{}&#8221; custom_padding__hover=&#8221;|||&#8221;][et_pb_sidebar area=&#8221;et_pb_widget_area_2&#8243; _builder_version=&#8221;4.16&#8243; _module_preset=&#8221;default&#8221; animation_style=&#8221;slide&#8221; animation_direction=&#8221;bottom&#8221; animation_intensity_slide=&#8221;5%&#8221; global_colors_info=&#8221;{}&#8221;][\/et_pb_sidebar][\/et_pb_column][et_pb_column type=&#8221;3_4&#8243; specialty_columns=&#8221;3&#8243; _builder_version=&#8221;4.16&#8243; custom_padding=&#8221;|||&#8221; global_colors_info=&#8221;{}&#8221; custom_padding__hover=&#8221;|||&#8221;][et_pb_row_inner _builder_version=&#8221;4.16&#8243; _module_preset=&#8221;default&#8221; custom_padding=&#8221;25px||25px||true|false&#8221; animation_style=&#8221;slide&#8221; animation_direction=&#8221;bottom&#8221; animation_intensity_slide=&#8221;5%&#8221; global_colors_info=&#8221;{}&#8221;][et_pb_column_inner saved_specialty_column_type=&#8221;3_4&#8243; _builder_version=&#8221;4.16&#8243; _module_preset=&#8221;default&#8221; global_colors_info=&#8221;{}&#8221;][et_pb_text _builder_version=&#8221;4.27.5&#8243; _module_preset=&#8221;default&#8221; header_2_font=&#8221;|700||on|||||&#8221; header_2_text_color=&#8221;gcid-c7ca1388-3c6d-4b53-bb4f-9acb4c020d74&#8243; custom_margin=&#8221;||0px||false|false&#8221; custom_padding=&#8221;||||false|false&#8221; hover_enabled=&#8221;0&#8243; global_colors_info=&#8221;{%22gcid-c7ca1388-3c6d-4b53-bb4f-9acb4c020d74%22:%91%22header_2_text_color%22%93}&#8221; disabled_on=&#8221;on|on|on&#8221; disabled=&#8221;on&#8221; sticky_enabled=&#8221;0&#8243;]<\/p>\n<h2><strong>Doe boodschappen bij de sociale kruidenier<\/strong><\/h2>\n<p>Bij de sociale kruidenier kunt u uw boodschappen doen, net als in een gewone winkel. U vindt er courate levensmiddelen aan een zachte prijs. De sociale kruidenier is er voor mensen met financi\u00eble problemen die ingeschreven zijn bij het OCMW van Elsene. U kunt een aanvraag doen bij de referentie-maatschappelijk werker.<\/p>\n<p>[\/et_pb_text][et_pb_divider color=&#8221;gcid-7d3e670f-2994-4496-b95f-1f022124e031&#8243; divider_position=&#8221;center&#8221; _builder_version=&#8221;4.16&#8243; _module_preset=&#8221;default&#8221; custom_margin=&#8221;||0px||false|false&#8221; custom_padding=&#8221;20px||20px||true|false&#8221; global_colors_info=&#8221;{%22gcid-7d3e670f-2994-4496-b95f-1f022124e031%22:%91%22color%22%93}&#8221;][\/et_pb_divider][et_pb_text _builder_version=&#8221;4.16&#8243; _module_preset=&#8221;default&#8221; header_2_font=&#8221;|700||on|||||&#8221; header_2_text_color=&#8221;gcid-c7ca1388-3c6d-4b53-bb4f-9acb4c020d74&#8243; custom_margin=&#8221;||0px||false|false&#8221; global_colors_info=&#8221;{%22gcid-c7ca1388-3c6d-4b53-bb4f-9acb4c020d74%22:%91%22header_2_text_color%22%93}&#8221;]<\/p>\n<h2><strong>Krijg een voedselpakket<\/strong><\/h2>\n<p>Als u zich in een moeilijke situatie bevindt, kan uw maatschappelijk wekrer na een sociaal onderzoek beslissen u dat soort steun toe te kennen.<\/p>\n<p>Sinds het begin van de gezondheidscrisis in 2020, verdeelt het OCMW twee maal per week voedselpakketten. Dit bij mensen die tijdelijk en\/of dringend hulp nodig hebben omwille van hun financi\u00eble situatie. Het pakket is gevarieerd en aangepast aan de gezinssamenstelling. Het bevat een tiental Europese droge voedingswaren, verse voedingswaren en fruit en groenten die afkomstig zijn van onverkochte producten.<\/p>\n<p>[\/et_pb_text][et_pb_divider color=&#8221;gcid-7d3e670f-2994-4496-b95f-1f022124e031&#8243; divider_position=&#8221;center&#8221; _builder_version=&#8221;4.16&#8243; _module_preset=&#8221;default&#8221; custom_margin=&#8221;||0px||false|false&#8221; custom_padding=&#8221;20px||20px||true|false&#8221; global_colors_info=&#8221;{%22gcid-7d3e670f-2994-4496-b95f-1f022124e031%22:%91%22color%22%93}&#8221;][\/et_pb_divider][et_pb_text _builder_version=&#8221;4.27.5&#8243; _module_preset=&#8221;default&#8221; header_2_font=&#8221;|700||on|||||&#8221; header_2_text_color=&#8221;gcid-c7ca1388-3c6d-4b53-bb4f-9acb4c020d74&#8243; custom_margin=&#8221;||20px||false|false&#8221; hover_enabled=&#8221;0&#8243; global_colors_info=&#8221;{%22gcid-c7ca1388-3c6d-4b53-bb4f-9acb4c020d74%22:%91%22header_2_text_color%22%93}&#8221; disabled_on=&#8221;on|on|on&#8221; disabled=&#8221;on&#8221; sticky_enabled=&#8221;0&#8243;]<\/p>\n<h2><strong>Neem deel aan de collectieve sensibiliseringsworkshops<\/strong><\/h2>\n<p>De workshops zijn geopend voor iedereen die ingeschreven is bij het OCMW. De deelname is vrijwillig en gratis. Elk jaar wordt er een animatieprogramma aangeboden met thema&#8217;s rond gezonde en duurzame voeding. Het uitwisselen van ervaringen en kennis tussen de deelnemers wordt er gestimuleerd.<\/p>\n<p>De plaatsen zijn beperkt. Gelieve u in te schrijven bij uw maatschappelijk werker.<\/p>\n<p>[\/et_pb_text][et_pb_divider color=&#8221;gcid-7d3e670f-2994-4496-b95f-1f022124e031&#8243; divider_position=&#8221;center&#8221; _builder_version=&#8221;4.27.5&#8243; _module_preset=&#8221;default&#8221; custom_margin=&#8221;||0px||false|false&#8221; custom_padding=&#8221;20px||20px||true|false&#8221; hover_enabled=&#8221;0&#8243; global_colors_info=&#8221;{%22gcid-7d3e670f-2994-4496-b95f-1f022124e031%22:%91%22color%22%93}&#8221; disabled_on=&#8221;on|on|on&#8221; disabled=&#8221;on&#8221; sticky_enabled=&#8221;0&#8243;][\/et_pb_divider][et_pb_text disabled_on=&#8221;on|on|on&#8221; _builder_version=&#8221;4.17.4&#8243; _module_preset=&#8221;default&#8221; header_2_font=&#8221;|700||on|||||&#8221; header_2_text_color=&#8221;gcid-c7ca1388-3c6d-4b53-bb4f-9acb4c020d74&#8243; header_3_text_color=&#8221;gcid-7d3e670f-2994-4496-b95f-1f022124e031&#8243; custom_margin=&#8221;||20px||false|false&#8221; disabled=&#8221;on&#8221; global_colors_info=&#8221;{%22gcid-c7ca1388-3c6d-4b53-bb4f-9acb4c020d74%22:%91%22header_2_text_color%22%93,%22gcid-7d3e670f-2994-4496-b95f-1f022124e031%22:%91%22header_3_text_color%22%93}&#8221;]<\/p>\n<h2><strong>Andere soorten voedselhulp<\/strong><\/h2>\n<h3><strong>Straatrondes<\/strong><\/h3>\n<p>Het gaat om voedselverdeling voor dakloze mensen op straat. Er wordt een koude maaltijd aangeobden met 1 broodje, 1 flesje water, 1 snack en 1 koffie.<\/p>\n<p>Sinds het begin van de gezondheidscrisis in 2020 voert het OCMW wekelijks twee straatrondes uit in de omgeving van het Flageyplein, de Elsensesteenweg, de Naamsepoort en Troon.<\/p>\n<ul>\n<li>Praktische info: aanwezig zijn op het traject van de straatronde<\/li>\n<li>Huidig uurrooster: op woensdag en vrijdag, van 14.00u tot 15.30u<\/li>\n<\/ul>\n<p>[\/et_pb_text][et_pb_text module_class=&#8221;btn-text-shape-bordeaux&#8221; _builder_version=&#8221;4.27.5&#8243; _module_preset=&#8221;default&#8221; text_orientation=&#8221;center&#8221; hover_enabled=&#8221;0&#8243; global_colors_info=&#8221;{}&#8221; disabled_on=&#8221;on|on|on&#8221; disabled=&#8221;on&#8221; sticky_enabled=&#8221;0&#8243;]<\/p>\n<p><a href=\"https:\/\/cpasixelles.brussels\/horaire-epicerie-sociale\/\"><span style=\"color: #ffffff;\">Contactez-nous<\/span><\/a><\/p>\n<p>[\/et_pb_text][\/et_pb_column_inner][\/et_pb_row_inner][\/et_pb_column][\/et_pb_section][et_pb_section fb_built=&#8221;1&#8243; disabled_on=&#8221;on|on|on&#8221; module_class=&#8221;banner-avantages aides&#8221; _builder_version=&#8221;4.16&#8243; _module_preset=&#8221;default&#8221; background_enable_color=&#8221;off&#8221; disabled=&#8221;on&#8221; global_colors_info=&#8221;{%22gcid-c7ca1388-3c6d-4b53-bb4f-9acb4c020d74%22:%91%22background_color%22%93}&#8221;][et_pb_row _builder_version=&#8221;4.16&#8243; _module_preset=&#8221;default&#8221; global_colors_info=&#8221;{}&#8221;][et_pb_column type=&#8221;4_4&#8243; _builder_version=&#8221;4.16&#8243; _module_preset=&#8221;default&#8221; global_colors_info=&#8221;{}&#8221;][et_pb_text _builder_version=&#8221;4.16&#8243; _module_preset=&#8221;default&#8221; global_colors_info=&#8221;{}&#8221;]<\/p>\n<p style=\"text-align: center;\">Si vous \u00eates aid\u00e9 par le CPAS, vous pouvez b\u00e9n\u00e9ficier d&#8217;autres avantages (colis alimentaires, r\u00e9duction des factures annuelle d&#8217;\u00e9lectricit\u00e9, articles 27,&#8230;).<\/p>\n<p style=\"text-align: center;\">Parlez-en \u00e0 votre assistant social, il vous donnera toutes les informations n\u00e9cessaires.<\/p>\n<p>[\/et_pb_text][\/et_pb_column][\/et_pb_row][\/et_pb_section]<\/p>\n","protected":false},"excerpt":{"rendered":"<p>Voedselhulp Lukt het niet meer om eten te maken\u200a? Woont u in Elsene? Ontdek hier de sociale kruidenier, de voedselpakketten en de activiteiten van de Feel Food-ruimte.Doe boodschappen bij de sociale kruidenier Bij de sociale kruidenier kunt u uw boodschappen doen, net als in een gewone winkel. U vindt er courate levensmiddelen aan een zachte [&hellip;]<\/p>\n","protected":false},"author":1,"featured_media":0,"parent":3336,"menu_order":0,"comment_status":"closed","ping_status":"closed","template":"","meta":{"_et_pb_use_builder":"on","_et_pb_old_content":"","_et_gb_content_width":"","footnotes":""},"class_list":["post-3346","page","type-page","status-publish","hentry"],"yoast_head":"<!-- This site is optimized with the Yoast SEO plugin v27.4 - https:\/\/yoast.com\/product\/yoast-seo-wordpress\/ -->\n<title>Voedselhulp - CPAS d&#039;Ixelles<\/title>\n<meta name=\"robots\" content=\"index, follow, max-snippet:-1, max-image-preview:large, max-video-preview:-1\" \/>\n<link rel=\"canonical\" href=\"https:\/\/cpasixelles.brussels\/nl\/soorten-hulp\/voedselhulp\/\" \/>\n<meta property=\"og:locale\" content=\"nl_NL\" \/>\n<meta property=\"og:type\" content=\"article\" \/>\n<meta property=\"og:title\" content=\"Voedselhulp - CPAS d&#039;Ixelles\" \/>\n<meta property=\"og:description\" content=\"Voedselhulp Lukt het niet meer om eten te maken\u200a? Woont u in Elsene? Ontdek hier de sociale kruidenier, de voedselpakketten en de activiteiten van de Feel Food-ruimte.Doe boodschappen bij de sociale kruidenier Bij de sociale kruidenier kunt u uw boodschappen doen, net als in een gewone winkel. U vindt er courate levensmiddelen aan een zachte [&hellip;]\" \/>\n<meta property=\"og:url\" content=\"https:\/\/cpasixelles.brussels\/nl\/soorten-hulp\/voedselhulp\/\" \/>\n<meta property=\"og:site_name\" content=\"CPAS d&#039;Ixelles\" \/>\n<meta property=\"article:modified_time\" content=\"2025-12-19T11:00:28+00:00\" \/>\n<meta property=\"og:image\" content=\"https:\/\/cpasixelles.brussels\/wp-content\/uploads\/2022\/02\/MicrosoftTeams-image-8.jpg\" \/>\n\t<meta property=\"og:image:width\" content=\"1920\" \/>\n\t<meta property=\"og:image:height\" content=\"1280\" \/>\n\t<meta property=\"og:image:type\" content=\"image\/jpeg\" \/>\n<meta name=\"twitter:card\" content=\"summary_large_image\" \/>\n<meta name=\"twitter:label1\" content=\"Geschatte leestijd\" \/>\n\t<meta name=\"twitter:data1\" content=\"6 minuten\" \/>\n<script type=\"application\/ld+json\" class=\"yoast-schema-graph\">{\"@context\":\"https:\\\/\\\/schema.org\",\"@graph\":[{\"@type\":\"WebPage\",\"@id\":\"https:\\\/\\\/cpasixelles.brussels\\\/nl\\\/soorten-hulp\\\/voedselhulp\\\/\",\"url\":\"https:\\\/\\\/cpasixelles.brussels\\\/nl\\\/soorten-hulp\\\/voedselhulp\\\/\",\"name\":\"Voedselhulp - CPAS d&#039;Ixelles\",\"isPartOf\":{\"@id\":\"https:\\\/\\\/cpasixelles.brussels\\\/#website\"},\"datePublished\":\"2021-12-27T17:19:05+00:00\",\"dateModified\":\"2025-12-19T11:00:28+00:00\",\"breadcrumb\":{\"@id\":\"https:\\\/\\\/cpasixelles.brussels\\\/nl\\\/soorten-hulp\\\/voedselhulp\\\/#breadcrumb\"},\"inLanguage\":\"nl-NL\",\"potentialAction\":[{\"@type\":\"ReadAction\",\"target\":[\"https:\\\/\\\/cpasixelles.brussels\\\/nl\\\/soorten-hulp\\\/voedselhulp\\\/\"]}]},{\"@type\":\"BreadcrumbList\",\"@id\":\"https:\\\/\\\/cpasixelles.brussels\\\/nl\\\/soorten-hulp\\\/voedselhulp\\\/#breadcrumb\",\"itemListElement\":[{\"@type\":\"ListItem\",\"position\":1,\"name\":\"Accueil\",\"item\":\"https:\\\/\\\/cpasixelles.brussels\\\/nl\\\/\"},{\"@type\":\"ListItem\",\"position\":2,\"name\":\"Soorten hulp\",\"item\":\"https:\\\/\\\/cpasixelles.brussels\\\/nl\\\/soorten-hulp\\\/\"},{\"@type\":\"ListItem\",\"position\":3,\"name\":\"Voedselhulp\"}]},{\"@type\":\"WebSite\",\"@id\":\"https:\\\/\\\/cpasixelles.brussels\\\/#website\",\"url\":\"https:\\\/\\\/cpasixelles.brussels\\\/\",\"name\":\"CPAS d&#039;Ixelles\",\"description\":\"\",\"potentialAction\":[{\"@type\":\"SearchAction\",\"target\":{\"@type\":\"EntryPoint\",\"urlTemplate\":\"https:\\\/\\\/cpasixelles.brussels\\\/?s={search_term_string}\"},\"query-input\":{\"@type\":\"PropertyValueSpecification\",\"valueRequired\":true,\"valueName\":\"search_term_string\"}}],\"inLanguage\":\"nl-NL\"}]}<\/script>\n<!-- \/ Yoast SEO plugin. -->","yoast_head_json":{"title":"Voedselhulp - CPAS d&#039;Ixelles","robots":{"index":"index","follow":"follow","max-snippet":"max-snippet:-1","max-image-preview":"max-image-preview:large","max-video-preview":"max-video-preview:-1"},"canonical":"https:\/\/cpasixelles.brussels\/nl\/soorten-hulp\/voedselhulp\/","og_locale":"nl_NL","og_type":"article","og_title":"Voedselhulp - CPAS d&#039;Ixelles","og_description":"Voedselhulp Lukt het niet meer om eten te maken\u200a? Woont u in Elsene? Ontdek hier de sociale kruidenier, de voedselpakketten en de activiteiten van de Feel Food-ruimte.Doe boodschappen bij de sociale kruidenier Bij de sociale kruidenier kunt u uw boodschappen doen, net als in een gewone winkel. U vindt er courate levensmiddelen aan een zachte [&hellip;]","og_url":"https:\/\/cpasixelles.brussels\/nl\/soorten-hulp\/voedselhulp\/","og_site_name":"CPAS d&#039;Ixelles","article_modified_time":"2025-12-19T11:00:28+00:00","og_image":[{"width":1920,"height":1280,"url":"https:\/\/cpasixelles.brussels\/wp-content\/uploads\/2022\/02\/MicrosoftTeams-image-8.jpg","type":"image\/jpeg"}],"twitter_card":"summary_large_image","twitter_misc":{"Geschatte leestijd":"6 minuten"},"schema":{"@context":"https:\/\/schema.org","@graph":[{"@type":"WebPage","@id":"https:\/\/cpasixelles.brussels\/nl\/soorten-hulp\/voedselhulp\/","url":"https:\/\/cpasixelles.brussels\/nl\/soorten-hulp\/voedselhulp\/","name":"Voedselhulp - CPAS d&#039;Ixelles","isPartOf":{"@id":"https:\/\/cpasixelles.brussels\/#website"},"datePublished":"2021-12-27T17:19:05+00:00","dateModified":"2025-12-19T11:00:28+00:00","breadcrumb":{"@id":"https:\/\/cpasixelles.brussels\/nl\/soorten-hulp\/voedselhulp\/#breadcrumb"},"inLanguage":"nl-NL","potentialAction":[{"@type":"ReadAction","target":["https:\/\/cpasixelles.brussels\/nl\/soorten-hulp\/voedselhulp\/"]}]},{"@type":"BreadcrumbList","@id":"https:\/\/cpasixelles.brussels\/nl\/soorten-hulp\/voedselhulp\/#breadcrumb","itemListElement":[{"@type":"ListItem","position":1,"name":"Accueil","item":"https:\/\/cpasixelles.brussels\/nl\/"},{"@type":"ListItem","position":2,"name":"Soorten hulp","item":"https:\/\/cpasixelles.brussels\/nl\/soorten-hulp\/"},{"@type":"ListItem","position":3,"name":"Voedselhulp"}]},{"@type":"WebSite","@id":"https:\/\/cpasixelles.brussels\/#website","url":"https:\/\/cpasixelles.brussels\/","name":"CPAS d&#039;Ixelles","description":"","potentialAction":[{"@type":"SearchAction","target":{"@type":"EntryPoint","urlTemplate":"https:\/\/cpasixelles.brussels\/?s={search_term_string}"},"query-input":{"@type":"PropertyValueSpecification","valueRequired":true,"valueName":"search_term_string"}}],"inLanguage":"nl-NL"}]}},"_links":{"self":[{"href":"https:\/\/cpasixelles.brussels\/nl\/wp-json\/wp\/v2\/pages\/3346","targetHints":{"allow":["GET"]}}],"collection":[{"href":"https:\/\/cpasixelles.brussels\/nl\/wp-json\/wp\/v2\/pages"}],"about":[{"href":"https:\/\/cpasixelles.brussels\/nl\/wp-json\/wp\/v2\/types\/page"}],"author":[{"embeddable":true,"href":"https:\/\/cpasixelles.brussels\/nl\/wp-json\/wp\/v2\/users\/1"}],"replies":[{"embeddable":true,"href":"https:\/\/cpasixelles.brussels\/nl\/wp-json\/wp\/v2\/comments?post=3346"}],"version-history":[{"count":6,"href":"https:\/\/cpasixelles.brussels\/nl\/wp-json\/wp\/v2\/pages\/3346\/revisions"}],"predecessor-version":[{"id":8242,"href":"https:\/\/cpasixelles.brussels\/nl\/wp-json\/wp\/v2\/pages\/3346\/revisions\/8242"}],"up":[{"embeddable":true,"href":"https:\/\/cpasixelles.brussels\/nl\/wp-json\/wp\/v2\/pages\/3336"}],"wp:attachment":[{"href":"https:\/\/cpasixelles.brussels\/nl\/wp-json\/wp\/v2\/media?parent=3346"}],"curies":[{"name":"wp","href":"https:\/\/api.w.org\/{rel}","templated":true}]}}